{"id":27486,"date":"2021-09-28T14:58:00","date_gmt":"2021-09-28T12:58:00","guid":{"rendered":"https:\/\/www.declic-communication.fr\/creation-de-nom-et-didentite-visuelle\/"},"modified":"2022-01-06T12:24:49","modified_gmt":"2022-01-06T11:24:49","slug":"creation-de-nom-et-didentite-visuelle","status":"publish","type":"page","link":"https:\/\/www.declic-communication.fr\/en\/creation-de-nom-et-didentite-visuelle\/","title":{"rendered":"Cr\u00e9ation de nom et d\u2019identit\u00e9 visuelle"},"content":{"rendered":"\t\t<div data-elementor-type=\"wp-page\" data-elementor-id=\"27486\" class=\"elementor elementor-27486\" data-elementor-post-type=\"page\">\n\t\t\t\t\t\t<section class=\"elementor-section elementor-top-section elementor-element elementor-element-7a81bdec elementor-section-height-min-height elementor-hidden-mobile elementor-section-boxed elementor-section-height-default elementor-section-items-middle\" data-id=\"7a81bdec\" data-element_type=\"section\" data-settings=\"{&quot;background_background&quot;:&quot;classic&quot;}\">\n\t\t\t\t\t\t<div class=\"elementor-container elementor-column-gap-default\">\n\t\t\t\t\t<div class=\"elementor-column elementor-col-50 elementor-top-column elementor-element elementor-element-1325658f\" data-id=\"1325658f\" data-element_type=\"column\">\n\t\t\t<div class=\"elementor-widget-wrap\">\n\t\t\t\t\t\t\t<\/div>\n\t\t<\/div>\n\t\t\t\t<div class=\"elementor-column elementor-col-50 elementor-top-column elementor-element elementor-element-401d1f91\" data-id=\"401d1f91\" data-element_type=\"column\">\n\t\t\t<div class=\"elementor-widget-wrap elementor-element-populated\">\n\t\t\t\t\t\t<div class=\"elementor-element elementor-element-6307649d elementor-widget elementor-widget-heading\" data-id=\"6307649d\" data-element_type=\"widget\" data-widget_type=\"heading.default\">\n\t\t\t\t<div class=\"elementor-widget-container\">\n\t\t\t\t\t<h1 class=\"elementor-heading-title elementor-size-default\">Cr\u00e9ation de noms de marque et d'identit\u00e9 visuelle<\/h1>\t\t\t\t<\/div>\n\t\t\t\t<\/div>\n\t\t\t\t<div class=\"elementor-element elementor-element-5acca53e elementor-widget elementor-widget-heading\" data-id=\"5acca53e\" data-element_type=\"widget\" data-widget_type=\"heading.default\">\n\t\t\t\t<div class=\"elementor-widget-container\">\n\t\t\t\t\t<h3 class=\"elementor-heading-title elementor-size-default\">Des experts en strat\u00e9gie de communication et cr\u00e9ation graphique allient leurs comp\u00e9tences pour cr\u00e9er l\u2019identit\u00e9 de votre entreprise ou de votre marque.<\/h3>\t\t\t\t<\/div>\n\t\t\t\t<\/div>\n\t\t\t\t\t<\/div>\n\t\t<\/div>\n\t\t\t\t\t<\/div>\n\t\t<\/section>\n\t\t\t\t<section class=\"elementor-section elementor-top-section elementor-element elementor-element-769fe03 elementor-section-height-min-height elementor-hidden-desktop elementor-hidden-tablet elementor-section-boxed elementor-section-height-default elementor-section-items-middle\" data-id=\"769fe03\" data-element_type=\"section\" data-settings=\"{&quot;background_background&quot;:&quot;classic&quot;}\">\n\t\t\t\t\t\t\t<div class=\"elementor-background-overlay\"><\/div>\n\t\t\t\t\t\t\t<div class=\"elementor-container elementor-column-gap-default\">\n\t\t\t\t\t<div class=\"elementor-column elementor-col-100 elementor-top-column elementor-element elementor-element-25adea5\" data-id=\"25adea5\" data-element_type=\"column\">\n\t\t\t<div class=\"elementor-widget-wrap elementor-element-populated\">\n\t\t\t\t\t\t<div class=\"elementor-element elementor-element-e3cbb86 elementor-widget elementor-widget-heading\" data-id=\"e3cbb86\" data-element_type=\"widget\" data-widget_type=\"heading.default\">\n\t\t\t\t<div class=\"elementor-widget-container\">\n\t\t\t\t\t<h1 class=\"elementor-heading-title elementor-size-default\">Cr\u00e9ation de noms de marque et d'identit\u00e9 visuelle<\/h1>\t\t\t\t<\/div>\n\t\t\t\t<\/div>\n\t\t\t\t<div class=\"elementor-element elementor-element-67ea97b elementor-widget elementor-widget-heading\" data-id=\"67ea97b\" data-element_type=\"widget\" data-widget_type=\"heading.default\">\n\t\t\t\t<div class=\"elementor-widget-container\">\n\t\t\t\t\t<h3 class=\"elementor-heading-title elementor-size-default\">Des experts en strat\u00e9gie de communication et cr\u00e9ation graphique allient leurs comp\u00e9tences pour cr\u00e9er l\u2019identit\u00e9 de votre entreprise ou de votre marque.<\/h3>\t\t\t\t<\/div>\n\t\t\t\t<\/div>\n\t\t\t\t\t<\/div>\n\t\t<\/div>\n\t\t\t\t\t<\/div>\n\t\t<\/section>\n\t\t\t\t<section class=\"elementor-section elementor-top-section elementor-element elementor-element-550233a0 elementor-reverse-mobile elementor-section-boxed elementor-section-height-default elementor-section-height-default\" data-id=\"550233a0\" data-element_type=\"section\">\n\t\t\t\t\t\t<div class=\"elementor-container elementor-column-gap-default\">\n\t\t\t\t\t<div class=\"elementor-column elementor-col-50 elementor-top-column elementor-element elementor-element-38fb2a7b\" data-id=\"38fb2a7b\" data-element_type=\"column\">\n\t\t\t<div class=\"elementor-widget-wrap elementor-element-populated\">\n\t\t\t\t\t\t<div class=\"elementor-element elementor-element-5cfb10c elementor-widget elementor-widget-heading\" data-id=\"5cfb10c\" data-element_type=\"widget\" data-widget_type=\"heading.default\">\n\t\t\t\t<div class=\"elementor-widget-container\">\n\t\t\t\t\t<h2 class=\"elementor-heading-title elementor-size-default\">Alliance de comp\u00e9tences<\/h2>\t\t\t\t<\/div>\n\t\t\t\t<\/div>\n\t\t\t\t<div class=\"elementor-element elementor-element-73adf84b elementor-widget elementor-widget-heading\" data-id=\"73adf84b\" data-element_type=\"widget\" data-widget_type=\"heading.default\">\n\t\t\t\t<div class=\"elementor-widget-container\">\n\t\t\t\t\t<h2 class=\"elementor-heading-title elementor-size-default\">pour valoriser votre entreprise<\/h2>\t\t\t\t<\/div>\n\t\t\t\t<\/div>\n\t\t\t\t<div class=\"elementor-element elementor-element-45956a97 elementor-widget elementor-widget-spacer\" data-id=\"45956a97\" data-element_type=\"widget\" data-widget_type=\"spacer.default\">\n\t\t\t\t<div class=\"elementor-widget-container\">\n\t\t\t\t\t\t\t<div class=\"elementor-spacer\">\n\t\t\t<div class=\"elementor-spacer-inner\"><\/div>\n\t\t<\/div>\n\t\t\t\t\t\t<\/div>\n\t\t\t\t<\/div>\n\t\t\t\t<div class=\"elementor-element elementor-element-2e400035 justify elementor-widget elementor-widget-text-editor\" data-id=\"2e400035\" data-element_type=\"widget\" data-widget_type=\"text-editor.default\">\n\t\t\t\t<div class=\"elementor-widget-container\">\n\t\t\t\t\t\t\t\t\t<p>Les experts en communication D\u00e9clic, vous aident \u00e0\u00a0<strong>d\u00e9velopper votre identit\u00e9 d\u2019entreprise ou de marque<\/strong>.\u00a0<strong>Valeurs, nom, identit\u00e9 visuelle, strat\u00e9gie de communication interne et externe<\/strong>, nous vous accompagnons d\u00e8s vos d\u00e9buts, notamment avec\u00a0<a href=\"https:\/\/www.declic-communication.com\/starter-com-kit\/\"><strong>notre Pack Starter Com Kit.\u00a0<\/strong><\/a><\/p><p><strong>Nos experts en strat\u00e9gie de communication<\/strong>\u00a0vous aident \u00e0 trouver\u00a0<strong>le nom de votre entreprise<\/strong>\u00a0et\u00a0<strong>son accroche\u00a0<\/strong>en fonction de\u00a0<strong>votre strat\u00e9gie commerciale et marketing, vos objectifs, vos valeurs, et l\u2019image que vous souhaitez renvoyer.<\/strong><\/p><p>Ensuite,\u00a0<strong>nos experts en cr\u00e9ations graphiques<\/strong>\u00a0cr\u00e9ent\u00a0<strong>votre logotype<\/strong>, v\u00e9ritable alli\u00e9 strat\u00e9gique, ainsi que\u00a0<strong>votre charte graphique<\/strong>, le guide de votre communication.<\/p>\t\t\t\t\t\t\t\t<\/div>\n\t\t\t\t<\/div>\n\t\t\t\t<div class=\"elementor-element elementor-element-5569cbc6 elementor-widget elementor-widget-button\" data-id=\"5569cbc6\" data-element_type=\"widget\" data-widget_type=\"button.default\">\n\t\t\t\t<div class=\"elementor-widget-container\">\n\t\t\t\t\t\t\t\t\t<div class=\"elementor-button-wrapper\">\n\t\t\t\t\t<a class=\"elementor-button elementor-button-link elementor-size-sm\" href=\"https:\/\/www.declic-communication.fr\/contact\/\">\n\t\t\t\t\t\t<span class=\"elementor-button-content-wrapper\">\n\t\t\t\t\t\t\t\t\t<span class=\"elementor-button-text\">Contactez-nous<\/span>\n\t\t\t\t\t<\/span>\n\t\t\t\t\t<\/a>\n\t\t\t\t<\/div>\n\t\t\t\t\t\t\t\t<\/div>\n\t\t\t\t<\/div>\n\t\t\t\t\t<\/div>\n\t\t<\/div>\n\t\t\t\t<div class=\"elementor-column elementor-col-50 elementor-top-column elementor-element elementor-element-22c23338\" data-id=\"22c23338\" data-element_type=\"column\">\n\t\t\t<div class=\"elementor-widget-wrap elementor-element-populated\">\n\t\t\t\t\t\t<div class=\"elementor-element elementor-element-16a57350 elementor-widget elementor-widget-image\" data-id=\"16a57350\" data-element_type=\"widget\" data-widget_type=\"image.default\">\n\t\t\t\t<div class=\"elementor-widget-container\">\n\t\t\t\t\t\t\t\t\t\t\t\t\t\t\t<img fetchpriority=\"high\" decoding=\"async\" width=\"800\" height=\"800\" src=\"https:\/\/www.declic-communication.fr\/wp-content\/uploads\/2021\/12\/nom-de-marque-et-identite-visuelle\u200b.jpg\" class=\"attachment-large size-large wp-image-26148\" alt=\"nom de marque et identit\u00e9 visuelle\u200b\" srcset=\"https:\/\/www.declic-communication.fr\/wp-content\/uploads\/2021\/12\/nom-de-marque-et-identite-visuelle\u200b.jpg 800w, https:\/\/www.declic-communication.fr\/wp-content\/uploads\/2021\/12\/nom-de-marque-et-identite-visuelle\u200b-300x300.jpg 300w, https:\/\/www.declic-communication.fr\/wp-content\/uploads\/2021\/12\/nom-de-marque-et-identite-visuelle\u200b-150x150.jpg 150w, https:\/\/www.declic-communication.fr\/wp-content\/uploads\/2021\/12\/nom-de-marque-et-identite-visuelle\u200b-768x768.jpg 768w\" sizes=\"(max-width: 800px) 100vw, 800px\" \/>\t\t\t\t\t\t\t\t\t\t\t\t\t\t\t<\/div>\n\t\t\t\t<\/div>\n\t\t\t\t\t<\/div>\n\t\t<\/div>\n\t\t\t\t\t<\/div>\n\t\t<\/section>\n\t\t\t\t<section class=\"elementor-section elementor-top-section elementor-element elementor-element-5c58c333 elementor-section-boxed elementor-section-height-default elementor-section-height-default\" data-id=\"5c58c333\" data-element_type=\"section\" data-settings=\"{&quot;background_background&quot;:&quot;classic&quot;}\">\n\t\t\t\t\t\t<div class=\"elementor-container elementor-column-gap-default\">\n\t\t\t\t\t<div class=\"elementor-column elementor-col-50 elementor-top-column elementor-element elementor-element-3ad769b\" data-id=\"3ad769b\" data-element_type=\"column\" data-settings=\"{&quot;background_background&quot;:&quot;classic&quot;}\">\n\t\t\t<div class=\"elementor-widget-wrap elementor-element-populated\">\n\t\t\t\t\t\t<div class=\"elementor-element elementor-element-5c980ba3 elementor-view-stacked elementor-shape-circle elementor-position-top elementor-mobile-position-top elementor-widget elementor-widget-icon-box\" data-id=\"5c980ba3\" data-element_type=\"widget\" data-widget_type=\"icon-box.default\">\n\t\t\t\t<div class=\"elementor-widget-container\">\n\t\t\t\t\t\t\t<div class=\"elementor-icon-box-wrapper\">\n\n\t\t\t\t\t\t<div class=\"elementor-icon-box-icon\">\n\t\t\t\t<span  class=\"elementor-icon\">\n\t\t\t\t<i aria-hidden=\"true\" class=\"fas fa-sort-alpha-up\"><\/i>\t\t\t\t<\/span>\n\t\t\t<\/div>\n\t\t\t\n\t\t\t\t\t\t<div class=\"elementor-icon-box-content\">\n\n\t\t\t\t\t\t\t\t\t<h3 class=\"elementor-icon-box-title\">\n\t\t\t\t\t\t<span  >\n\t\t\t\t\t\t\tCr\u00e9ation de votre nom d\u2019entreprise ou de marque\t\t\t\t\t\t<\/span>\n\t\t\t\t\t<\/h3>\n\t\t\t\t\n\t\t\t\t\t\t\t\t\t<p class=\"elementor-icon-box-description\">\n\t\t\t\t\t\tLe nom de votre entreprise ou votre marque est votre premi\u00e8re forme de publicit\u00e9 !\t\t\t\t\t<\/p>\n\t\t\t\t\n\t\t\t<\/div>\n\t\t\t\n\t\t<\/div>\n\t\t\t\t\t\t<\/div>\n\t\t\t\t<\/div>\n\t\t\t\t\t<\/div>\n\t\t<\/div>\n\t\t\t\t<div class=\"elementor-column elementor-col-50 elementor-top-column elementor-element elementor-element-2a91298c\" data-id=\"2a91298c\" data-element_type=\"column\">\n\t\t\t<div class=\"elementor-widget-wrap elementor-element-populated\">\n\t\t\t\t\t\t<div class=\"elementor-element elementor-element-58bbca53 elementor-widget elementor-widget-heading\" data-id=\"58bbca53\" data-element_type=\"widget\" data-widget_type=\"heading.default\">\n\t\t\t\t<div class=\"elementor-widget-container\">\n\t\t\t\t\t<h3 class=\"elementor-heading-title elementor-size-default\">Vous diff\u00e9rencier de la concurrence !<\/h3>\t\t\t\t<\/div>\n\t\t\t\t<\/div>\n\t\t\t\t<div class=\"elementor-element elementor-element-7281e97e justify elementor-widget elementor-widget-text-editor\" data-id=\"7281e97e\" data-element_type=\"widget\" data-widget_type=\"text-editor.default\">\n\t\t\t\t<div class=\"elementor-widget-container\">\n\t\t\t\t\t\t\t\t\t<p>C\u2019est en premier lieu gr\u00e2ce \u00e0 votre nom que vous pourrez<strong>\u00a0vous diff\u00e9rencier de la concurrence<\/strong>. Il ne se choisit pas au hasard et doit r<strong>epr\u00e9senter votre activit\u00e9, vos valeurs, correspondre \u00e0 vos produits ou services et tenir ses promesses !<span class=\"Apple-converted-space\">\u00a0<\/span><\/strong><\/p><p><strong>Notre \u00e9quipe D\u00e9clic Communication<\/strong>\u00a0vous accompagne pour trouver le nom de votre entreprise ou de votre marque :<\/p><ul><li><strong>veille concurrentielle,<\/strong><\/li><li><strong>analyse de votre march\u00e9,<\/strong><\/li><li><strong>animation de s\u00e9ance de<span class=\"Apple-converted-space\">\u00a0\u00a0<\/span>cr\u00e9ativit\u00e9,<\/strong><\/li><li><strong>v\u00e9rification de disponibilit\u00e9 en appuie\u00a0avec un cabinet d\u2019avocats sp\u00e9cialis\u00e9s\u2026<\/strong><\/li><\/ul><p>Notre d\u00e9marche s\u2019appuie sur\u00a0<strong>un \u00e9change perp\u00e9tuel entre notre exp\u00e9rience, notre cr\u00e9ativit\u00e9 et vos id\u00e9es<\/strong><\/p>\t\t\t\t\t\t\t\t<\/div>\n\t\t\t\t<\/div>\n\t\t\t\t\t<\/div>\n\t\t<\/div>\n\t\t\t\t\t<\/div>\n\t\t<\/section>\n\t\t\t\t<section class=\"elementor-section elementor-top-section elementor-element elementor-element-4272f8b2 elementor-section-boxed elementor-section-height-default elementor-section-height-default\" data-id=\"4272f8b2\" data-element_type=\"section\" data-settings=\"{&quot;background_background&quot;:&quot;classic&quot;}\">\n\t\t\t\t\t\t<div class=\"elementor-container elementor-column-gap-default\">\n\t\t\t\t\t<div class=\"elementor-column elementor-col-50 elementor-top-column elementor-element elementor-element-5a26c151\" data-id=\"5a26c151\" data-element_type=\"column\" data-settings=\"{&quot;background_background&quot;:&quot;classic&quot;}\">\n\t\t\t<div class=\"elementor-widget-wrap elementor-element-populated\">\n\t\t\t\t\t\t<div class=\"elementor-element elementor-element-5dc4ecad elementor-view-stacked elementor-shape-circle elementor-position-top elementor-mobile-position-top elementor-widget elementor-widget-icon-box\" data-id=\"5dc4ecad\" data-element_type=\"widget\" data-widget_type=\"icon-box.default\">\n\t\t\t\t<div class=\"elementor-widget-container\">\n\t\t\t\t\t\t\t<div class=\"elementor-icon-box-wrapper\">\n\n\t\t\t\t\t\t<div class=\"elementor-icon-box-icon\">\n\t\t\t\t<span  class=\"elementor-icon\">\n\t\t\t\t<i aria-hidden=\"true\" class=\"fab fa-digital-ocean\"><\/i>\t\t\t\t<\/span>\n\t\t\t<\/div>\n\t\t\t\n\t\t\t\t\t\t<div class=\"elementor-icon-box-content\">\n\n\t\t\t\t\t\t\t\t\t<h3 class=\"elementor-icon-box-title\">\n\t\t\t\t\t\t<span  >\n\t\t\t\t\t\t\tCr\u00e9ation de votre identit\u00e9 visuelle\t\t\t\t\t\t<\/span>\n\t\t\t\t\t<\/h3>\n\t\t\t\t\n\t\t\t\t\t\t\t\t\t<p class=\"elementor-icon-box-description\">\n\t\t\t\t\t\tUn nom ne suffit pas. Une entreprise se doit d\u2019avoir une identit\u00e9 visuelle clairement reconnaissable et coh\u00e9rente. \t\t\t\t\t<\/p>\n\t\t\t\t\n\t\t\t<\/div>\n\t\t\t\n\t\t<\/div>\n\t\t\t\t\t\t<\/div>\n\t\t\t\t<\/div>\n\t\t\t\t\t<\/div>\n\t\t<\/div>\n\t\t\t\t<div class=\"elementor-column elementor-col-50 elementor-top-column elementor-element elementor-element-bc69375\" data-id=\"bc69375\" data-element_type=\"column\">\n\t\t\t<div class=\"elementor-widget-wrap elementor-element-populated\">\n\t\t\t\t\t\t<div class=\"elementor-element elementor-element-5ecf385a elementor-widget elementor-widget-heading\" data-id=\"5ecf385a\" data-element_type=\"widget\" data-widget_type=\"heading.default\">\n\t\t\t\t<div class=\"elementor-widget-container\">\n\t\t\t\t\t<h3 class=\"elementor-heading-title elementor-size-default\">Le logo, votre alli\u00e9 strat\u00e9gique\n <\/h3>\t\t\t\t<\/div>\n\t\t\t\t<\/div>\n\t\t\t\t<div class=\"elementor-element elementor-element-45eb6f4f justify elementor-widget elementor-widget-text-editor\" data-id=\"45eb6f4f\" data-element_type=\"widget\" data-widget_type=\"text-editor.default\">\n\t\t\t\t<div class=\"elementor-widget-container\">\n\t\t\t\t\t\t\t\t\t<div class=\"vc_row wpb_row section vc_row-fluid strategie-de-com grid_section\"><div class=\" section_inner clearfix\"><div class=\"section_inner_margin clearfix\"><div class=\"wpb_column vc_column_container vc_col-sm-12\"><div class=\"vc_column-inner \"><div class=\"wpb_wrapper\"><div class=\"wpb_text_column wpb_content_element \"><div class=\"wpb_wrapper\"><p>Au\u00a0<strong>premier coup d\u2019oeil<\/strong>, le consommateur doit\u00a0<strong>comprendre qu\u2019il s\u2019agit de votre\u00a0marque ou votre structure<\/strong>. L\u2019image renvoy\u00e9e doit vous\u00a0<strong>repr\u00e9senter le plus fid\u00e8lement possible, refl\u00e9ter\u00a0votre univers\u00a0<\/strong>et\u00a0<strong>susciter l\u2019envie chez vos clients<\/strong>. Une\u00a0<strong>identit\u00e9 visuelle simple<\/strong>\u00a0permettra de vous\u00a0<strong>identifier facilement<\/strong>\u00a0et d\u2019\u00eatre\u00a0<strong>d\u00e9clinable sur tous les supports<\/strong>. La cr\u00e9ation de\u00a0<strong>votre logotype<\/strong>\u00a0et de\u00a0<strong>votre charte graphique<\/strong>\u00a0sont des\u00a0<strong>\u00e9l\u00e9ments cl\u00e9s<\/strong>\u00a0\u00e0 ne surtout pas n\u00e9gliger.<\/p><\/div><\/div><\/div><\/div><\/div><\/div><\/div><\/div><div class=\"vc_row wpb_row section vc_row-fluid grid_section\"><div class=\" section_inner clearfix\"><div class=\"section_inner_margin clearfix\"><div class=\"wpb_column vc_column_container vc_col-sm-12\"><div class=\"vc_column-inner \"><div class=\"wpb_wrapper\"><div class=\"vc_empty_space\">La\u00a0<strong>cr\u00e9ation du logotype<\/strong>\u00a0de votre entreprise ou de votre marque est\u00a0<strong>l\u2019acte concret et fondateur de votre d\u00e9marche communicante<\/strong>. Entre\u00a0<strong>cr\u00e9ativit\u00e9<\/strong>\u00a0et\u00a0<strong>efficacit\u00e9<\/strong>, il est votre\u00a0<strong>trace visuelle<\/strong>\u00a0aupr\u00e8s de vos clients et vos divers interlocuteurs. Notre\u00a0<strong>\u00e9quipe D\u00e9clic<\/strong>\u00a0vous \u00e9labore un logotype qui vous repr\u00e9sente et qui respecte\u00a0<strong>les crit\u00e8res d\u2019un bon logo.<\/strong><\/div><\/div><\/div><\/div><\/div><\/div><\/div>\t\t\t\t\t\t\t\t<\/div>\n\t\t\t\t<\/div>\n\t\t\t\t<section class=\"elementor-section elementor-inner-section elementor-element elementor-element-4626804 elementor-section-boxed elementor-section-height-default elementor-section-height-default\" data-id=\"4626804\" data-element_type=\"section\">\n\t\t\t\t\t\t<div class=\"elementor-container elementor-column-gap-default\">\n\t\t\t\t\t<div class=\"elementor-column elementor-col-25 elementor-inner-column elementor-element elementor-element-09d3012\" data-id=\"09d3012\" data-element_type=\"column\">\n\t\t\t<div class=\"elementor-widget-wrap elementor-element-populated\">\n\t\t\t\t\t\t<div class=\"elementor-element elementor-element-fefb2e1 elementor-widget elementor-widget-image\" data-id=\"fefb2e1\" data-element_type=\"widget\" data-widget_type=\"image.default\">\n\t\t\t\t<div class=\"elementor-widget-container\">\n\t\t\t\t\t\t\t\t\t\t\t\t\t\t\t<img decoding=\"async\" width=\"300\" height=\"300\" src=\"https:\/\/www.declic-communication.fr\/wp-content\/uploads\/2021\/12\/adapte-a-son-univers-300x300-1.png\" class=\"attachment-full size-full wp-image-25867\" alt=\"logo adapt\u00e9 \u00e0 son univers\" srcset=\"https:\/\/www.declic-communication.fr\/wp-content\/uploads\/2021\/12\/adapte-a-son-univers-300x300-1.png 300w, https:\/\/www.declic-communication.fr\/wp-content\/uploads\/2021\/12\/adapte-a-son-univers-300x300-1-150x150.png 150w\" sizes=\"(max-width: 300px) 100vw, 300px\" \/>\t\t\t\t\t\t\t\t\t\t\t\t\t\t\t<\/div>\n\t\t\t\t<\/div>\n\t\t\t\t<div class=\"elementor-element elementor-element-32d606e elementor-widget elementor-widget-text-editor\" data-id=\"32d606e\" data-element_type=\"widget\" data-widget_type=\"text-editor.default\">\n\t\t\t\t<div class=\"elementor-widget-container\">\n\t\t\t\t\t\t\t\t\t<p class=\"p1\"><b>Adapt\u00e9 \u00e0 votre univers<\/b><\/p>\t\t\t\t\t\t\t\t<\/div>\n\t\t\t\t<\/div>\n\t\t\t\t\t<\/div>\n\t\t<\/div>\n\t\t\t\t<div class=\"elementor-column elementor-col-25 elementor-inner-column elementor-element elementor-element-0e7e6a1\" data-id=\"0e7e6a1\" data-element_type=\"column\">\n\t\t\t<div class=\"elementor-widget-wrap elementor-element-populated\">\n\t\t\t\t\t\t<div class=\"elementor-element elementor-element-cb0157a elementor-widget elementor-widget-image\" data-id=\"cb0157a\" data-element_type=\"widget\" data-widget_type=\"image.default\">\n\t\t\t\t<div class=\"elementor-widget-container\">\n\t\t\t\t\t\t\t\t\t\t\t\t\t\t\t<img decoding=\"async\" width=\"300\" height=\"300\" src=\"https:\/\/www.declic-communication.fr\/wp-content\/uploads\/2021\/12\/unique-300x300-1.png\" class=\"attachment-full size-full wp-image-25864\" alt=\"\" srcset=\"https:\/\/www.declic-communication.fr\/wp-content\/uploads\/2021\/12\/unique-300x300-1.png 300w, https:\/\/www.declic-communication.fr\/wp-content\/uploads\/2021\/12\/unique-300x300-1-150x150.png 150w\" sizes=\"(max-width: 300px) 100vw, 300px\" \/>\t\t\t\t\t\t\t\t\t\t\t\t\t\t\t<\/div>\n\t\t\t\t<\/div>\n\t\t\t\t<div class=\"elementor-element elementor-element-3bf6f2a elementor-widget elementor-widget-text-editor\" data-id=\"3bf6f2a\" data-element_type=\"widget\" data-widget_type=\"text-editor.default\">\n\t\t\t\t<div class=\"elementor-widget-container\">\n\t\t\t\t\t\t\t\t\t<p class=\"p1\"><strong>Unique et distinctif<\/strong><\/p>\t\t\t\t\t\t\t\t<\/div>\n\t\t\t\t<\/div>\n\t\t\t\t\t<\/div>\n\t\t<\/div>\n\t\t\t\t<div class=\"elementor-column elementor-col-25 elementor-inner-column elementor-element elementor-element-3fb4c96\" data-id=\"3fb4c96\" data-element_type=\"column\">\n\t\t\t<div class=\"elementor-widget-wrap elementor-element-populated\">\n\t\t\t\t\t\t<div class=\"elementor-element elementor-element-bb93de6 elementor-widget elementor-widget-image\" data-id=\"bb93de6\" data-element_type=\"widget\" data-widget_type=\"image.default\">\n\t\t\t\t<div class=\"elementor-widget-container\">\n\t\t\t\t\t\t\t\t\t\t\t\t\t\t\t<img loading=\"lazy\" decoding=\"async\" width=\"300\" height=\"300\" src=\"https:\/\/www.declic-communication.fr\/wp-content\/uploads\/2021\/12\/typographie-du-logo-300x300-1.png\" class=\"attachment-large size-large wp-image-25861\" alt=\"\" srcset=\"https:\/\/www.declic-communication.fr\/wp-content\/uploads\/2021\/12\/typographie-du-logo-300x300-1.png 300w, https:\/\/www.declic-communication.fr\/wp-content\/uploads\/2021\/12\/typographie-du-logo-300x300-1-150x150.png 150w\" sizes=\"(max-width: 300px) 100vw, 300px\" \/>\t\t\t\t\t\t\t\t\t\t\t\t\t\t\t<\/div>\n\t\t\t\t<\/div>\n\t\t\t\t<div class=\"elementor-element elementor-element-4bdb75d elementor-widget elementor-widget-text-editor\" data-id=\"4bdb75d\" data-element_type=\"widget\" data-widget_type=\"text-editor.default\">\n\t\t\t\t<div class=\"elementor-widget-container\">\n\t\t\t\t\t\t\t\t\t<p class=\"p1\"><strong>Lisible<\/strong><\/p>\t\t\t\t\t\t\t\t<\/div>\n\t\t\t\t<\/div>\n\t\t\t\t\t<\/div>\n\t\t<\/div>\n\t\t\t\t<div class=\"elementor-column elementor-col-25 elementor-inner-column elementor-element elementor-element-82ea0b9\" data-id=\"82ea0b9\" data-element_type=\"column\">\n\t\t\t<div class=\"elementor-widget-wrap elementor-element-populated\">\n\t\t\t\t\t\t<div class=\"elementor-element elementor-element-ded5484 elementor-widget elementor-widget-image\" data-id=\"ded5484\" data-element_type=\"widget\" data-widget_type=\"image.default\">\n\t\t\t\t<div class=\"elementor-widget-container\">\n\t\t\t\t\t\t\t\t\t\t\t\t\t\t\t<img loading=\"lazy\" decoding=\"async\" width=\"300\" height=\"300\" src=\"https:\/\/www.declic-communication.fr\/wp-content\/uploads\/2021\/12\/forme-et-symbolique-du-logo-300x300-1.png\" class=\"attachment-large size-large wp-image-25855\" alt=\"\" srcset=\"https:\/\/www.declic-communication.fr\/wp-content\/uploads\/2021\/12\/forme-et-symbolique-du-logo-300x300-1.png 300w, https:\/\/www.declic-communication.fr\/wp-content\/uploads\/2021\/12\/forme-et-symbolique-du-logo-300x300-1-150x150.png 150w\" sizes=\"(max-width: 300px) 100vw, 300px\" \/>\t\t\t\t\t\t\t\t\t\t\t\t\t\t\t<\/div>\n\t\t\t\t<\/div>\n\t\t\t\t<div class=\"elementor-element elementor-element-c7a06c0 elementor-widget elementor-widget-text-editor\" data-id=\"c7a06c0\" data-element_type=\"widget\" data-widget_type=\"text-editor.default\">\n\t\t\t\t<div class=\"elementor-widget-container\">\n\t\t\t\t\t\t\t\t\t<p class=\"p1\"><strong>Simple, bas\u00e9 sur l\u2019essentiel<\/strong><\/p>\t\t\t\t\t\t\t\t<\/div>\n\t\t\t\t<\/div>\n\t\t\t\t\t<\/div>\n\t\t<\/div>\n\t\t\t\t\t<\/div>\n\t\t<\/section>\n\t\t\t\t<section class=\"elementor-section elementor-inner-section elementor-element elementor-element-483bf90 elementor-section-boxed elementor-section-height-default elementor-section-height-default\" data-id=\"483bf90\" data-element_type=\"section\">\n\t\t\t\t\t\t<div class=\"elementor-container elementor-column-gap-default\">\n\t\t\t\t\t<div class=\"elementor-column elementor-col-25 elementor-inner-column elementor-element elementor-element-7b3e5be\" data-id=\"7b3e5be\" data-element_type=\"column\">\n\t\t\t<div class=\"elementor-widget-wrap elementor-element-populated\">\n\t\t\t\t\t\t<div class=\"elementor-element elementor-element-9a6785f elementor-widget elementor-widget-image\" data-id=\"9a6785f\" data-element_type=\"widget\" data-widget_type=\"image.default\">\n\t\t\t\t<div class=\"elementor-widget-container\">\n\t\t\t\t\t\t\t\t\t\t\t\t\t\t\t<img loading=\"lazy\" decoding=\"async\" width=\"300\" height=\"300\" src=\"https:\/\/www.declic-communication.fr\/wp-content\/uploads\/2021\/12\/memorisation-300x300-1.png\" class=\"attachment-large size-large wp-image-25858\" alt=\"\" srcset=\"https:\/\/www.declic-communication.fr\/wp-content\/uploads\/2021\/12\/memorisation-300x300-1.png 300w, https:\/\/www.declic-communication.fr\/wp-content\/uploads\/2021\/12\/memorisation-300x300-1-150x150.png 150w\" sizes=\"(max-width: 300px) 100vw, 300px\" \/>\t\t\t\t\t\t\t\t\t\t\t\t\t\t\t<\/div>\n\t\t\t\t<\/div>\n\t\t\t\t<div class=\"elementor-element elementor-element-fc8cbd9 elementor-widget elementor-widget-text-editor\" data-id=\"fc8cbd9\" data-element_type=\"widget\" data-widget_type=\"text-editor.default\">\n\t\t\t\t<div class=\"elementor-widget-container\">\n\t\t\t\t\t\t\t\t\t<p class=\"p1\"><strong>M\u00e9morisable<\/strong><\/p>\t\t\t\t\t\t\t\t<\/div>\n\t\t\t\t<\/div>\n\t\t\t\t\t<\/div>\n\t\t<\/div>\n\t\t\t\t<div class=\"elementor-column elementor-col-25 elementor-inner-column elementor-element elementor-element-993aff5\" data-id=\"993aff5\" data-element_type=\"column\">\n\t\t\t<div class=\"elementor-widget-wrap elementor-element-populated\">\n\t\t\t\t\t\t<div class=\"elementor-element elementor-element-b687f5e elementor-widget elementor-widget-image\" data-id=\"b687f5e\" data-element_type=\"widget\" data-widget_type=\"image.default\">\n\t\t\t\t<div class=\"elementor-widget-container\">\n\t\t\t\t\t\t\t\t\t\t\t\t\t\t\t<img loading=\"lazy\" decoding=\"async\" width=\"300\" height=\"300\" src=\"https:\/\/www.declic-communication.fr\/wp-content\/uploads\/2021\/12\/durable-intemporel-300x300-1.png\" class=\"attachment-large size-large wp-image-25852\" alt=\"\" srcset=\"https:\/\/www.declic-communication.fr\/wp-content\/uploads\/2021\/12\/durable-intemporel-300x300-1.png 300w, https:\/\/www.declic-communication.fr\/wp-content\/uploads\/2021\/12\/durable-intemporel-300x300-1-150x150.png 150w\" sizes=\"(max-width: 300px) 100vw, 300px\" \/>\t\t\t\t\t\t\t\t\t\t\t\t\t\t\t<\/div>\n\t\t\t\t<\/div>\n\t\t\t\t<div class=\"elementor-element elementor-element-0d75929 elementor-widget elementor-widget-text-editor\" data-id=\"0d75929\" data-element_type=\"widget\" data-widget_type=\"text-editor.default\">\n\t\t\t\t<div class=\"elementor-widget-container\">\n\t\t\t\t\t\t\t\t\t<p class=\"p1\"><strong>Durable et intemporel<\/strong><\/p>\t\t\t\t\t\t\t\t<\/div>\n\t\t\t\t<\/div>\n\t\t\t\t\t<\/div>\n\t\t<\/div>\n\t\t\t\t<div class=\"elementor-column elementor-col-25 elementor-inner-column elementor-element elementor-element-81b9a4c\" data-id=\"81b9a4c\" data-element_type=\"column\">\n\t\t\t<div class=\"elementor-widget-wrap elementor-element-populated\">\n\t\t\t\t\t\t<div class=\"elementor-element elementor-element-3ad8849 elementor-widget elementor-widget-image\" data-id=\"3ad8849\" data-element_type=\"widget\" data-widget_type=\"image.default\">\n\t\t\t\t<div class=\"elementor-widget-container\">\n\t\t\t\t\t\t\t\t\t\t\t\t\t\t\t<img loading=\"lazy\" decoding=\"async\" width=\"300\" height=\"300\" src=\"https:\/\/www.declic-communication.fr\/wp-content\/uploads\/2021\/12\/declinable-tous-supports-4-300x300-1.png\" class=\"attachment-large size-large wp-image-25849\" alt=\"\" srcset=\"https:\/\/www.declic-communication.fr\/wp-content\/uploads\/2021\/12\/declinable-tous-supports-4-300x300-1.png 300w, https:\/\/www.declic-communication.fr\/wp-content\/uploads\/2021\/12\/declinable-tous-supports-4-300x300-1-150x150.png 150w\" sizes=\"(max-width: 300px) 100vw, 300px\" \/>\t\t\t\t\t\t\t\t\t\t\t\t\t\t\t<\/div>\n\t\t\t\t<\/div>\n\t\t\t\t<div class=\"elementor-element elementor-element-879224e elementor-widget elementor-widget-text-editor\" data-id=\"879224e\" data-element_type=\"widget\" data-widget_type=\"text-editor.default\">\n\t\t\t\t<div class=\"elementor-widget-container\">\n\t\t\t\t\t\t\t\t\t<p class=\"p1\"><strong>D\u00e9clinable sur tous supports<\/strong><\/p>\t\t\t\t\t\t\t\t<\/div>\n\t\t\t\t<\/div>\n\t\t\t\t\t<\/div>\n\t\t<\/div>\n\t\t\t\t<div class=\"elementor-column elementor-col-25 elementor-inner-column elementor-element elementor-element-49efaaa\" data-id=\"49efaaa\" data-element_type=\"column\">\n\t\t\t<div class=\"elementor-widget-wrap elementor-element-populated\">\n\t\t\t\t\t\t<div class=\"elementor-element elementor-element-fee3bd9 elementor-widget elementor-widget-image\" data-id=\"fee3bd9\" data-element_type=\"widget\" data-widget_type=\"image.default\">\n\t\t\t\t<div class=\"elementor-widget-container\">\n\t\t\t\t\t\t\t\t\t\t\t\t\t\t\t<img loading=\"lazy\" decoding=\"async\" width=\"300\" height=\"300\" src=\"https:\/\/www.declic-communication.fr\/wp-content\/uploads\/2021\/12\/couleur-du-logo-300x300-1.png\" class=\"attachment-large size-large wp-image-25846\" alt=\"\" srcset=\"https:\/\/www.declic-communication.fr\/wp-content\/uploads\/2021\/12\/couleur-du-logo-300x300-1.png 300w, https:\/\/www.declic-communication.fr\/wp-content\/uploads\/2021\/12\/couleur-du-logo-300x300-1-150x150.png 150w\" sizes=\"(max-width: 300px) 100vw, 300px\" \/>\t\t\t\t\t\t\t\t\t\t\t\t\t\t\t<\/div>\n\t\t\t\t<\/div>\n\t\t\t\t<div class=\"elementor-element elementor-element-4cb8b18 elementor-widget elementor-widget-text-editor\" data-id=\"4cb8b18\" data-element_type=\"widget\" data-widget_type=\"text-editor.default\">\n\t\t\t\t<div class=\"elementor-widget-container\">\n\t\t\t\t\t\t\t\t\t<p class=\"p1\"><strong>Des couleurs pertinentes<\/strong><\/p>\t\t\t\t\t\t\t\t<\/div>\n\t\t\t\t<\/div>\n\t\t\t\t\t<\/div>\n\t\t<\/div>\n\t\t\t\t\t<\/div>\n\t\t<\/section>\n\t\t\t\t\t<\/div>\n\t\t<\/div>\n\t\t\t\t\t<\/div>\n\t\t<\/section>\n\t\t\t\t<section class=\"elementor-section elementor-top-section elementor-element elementor-element-5cb17249 elementor-section-boxed elementor-section-height-default elementor-section-height-default\" data-id=\"5cb17249\" data-element_type=\"section\" data-settings=\"{&quot;background_background&quot;:&quot;classic&quot;}\">\n\t\t\t\t\t\t<div class=\"elementor-container elementor-column-gap-default\">\n\t\t\t\t\t<div class=\"elementor-column elementor-col-50 elementor-top-column elementor-element elementor-element-2ea646ad\" data-id=\"2ea646ad\" data-element_type=\"column\" data-settings=\"{&quot;background_background&quot;:&quot;classic&quot;}\">\n\t\t\t<div class=\"elementor-widget-wrap elementor-element-populated\">\n\t\t\t\t\t\t<div class=\"elementor-element elementor-element-130d2ab6 elementor-view-stacked elementor-shape-circle elementor-position-top elementor-mobile-position-top elementor-widget elementor-widget-icon-box\" data-id=\"130d2ab6\" data-element_type=\"widget\" data-widget_type=\"icon-box.default\">\n\t\t\t\t<div class=\"elementor-widget-container\">\n\t\t\t\t\t\t\t<div class=\"elementor-icon-box-wrapper\">\n\n\t\t\t\t\t\t<div class=\"elementor-icon-box-icon\">\n\t\t\t\t<span  class=\"elementor-icon\">\n\t\t\t\t<i aria-hidden=\"true\" class=\"far fa-file-alt\"><\/i>\t\t\t\t<\/span>\n\t\t\t<\/div>\n\t\t\t\n\t\t\t\t\t\t<div class=\"elementor-icon-box-content\">\n\n\t\t\t\t\t\t\t\t\t<h3 class=\"elementor-icon-box-title\">\n\t\t\t\t\t\t<span  >\n\t\t\t\t\t\t\tElaboration de votre charte graphique\t\t\t\t\t\t<\/span>\n\t\t\t\t\t<\/h3>\n\t\t\t\t\n\t\t\t\t\t\t\t\t\t<p class=\"elementor-icon-box-description\">\n\t\t\t\t\t\tVotre charte graphique est le guide de votre communication. \t\t\t\t\t<\/p>\n\t\t\t\t\n\t\t\t<\/div>\n\t\t\t\n\t\t<\/div>\n\t\t\t\t\t\t<\/div>\n\t\t\t\t<\/div>\n\t\t\t\t\t<\/div>\n\t\t<\/div>\n\t\t\t\t<div class=\"elementor-column elementor-col-50 elementor-top-column elementor-element elementor-element-3abc4b86\" data-id=\"3abc4b86\" data-element_type=\"column\">\n\t\t\t<div class=\"elementor-widget-wrap elementor-element-populated\">\n\t\t\t\t\t\t<div class=\"elementor-element elementor-element-501939d8 elementor-widget elementor-widget-heading\" data-id=\"501939d8\" data-element_type=\"widget\" data-widget_type=\"heading.default\">\n\t\t\t\t<div class=\"elementor-widget-container\">\n\t\t\t\t\t<h3 class=\"elementor-heading-title elementor-size-default\">Conservez une communication coh\u00e9rente sur tous supports !<\/h3>\t\t\t\t<\/div>\n\t\t\t\t<\/div>\n\t\t\t\t<div class=\"elementor-element elementor-element-6c93dfab justify elementor-widget elementor-widget-text-editor\" data-id=\"6c93dfab\" data-element_type=\"widget\" data-widget_type=\"text-editor.default\">\n\t\t\t\t<div class=\"elementor-widget-container\">\n\t\t\t\t\t\t\t\t\t<p>La charte graphique permet \u00e0 votre entreprise de <strong>conserver une communication coh\u00e9rente et homog\u00e8ne<\/strong>\u00a0sur tous les supports.<\/p><p>Nos experts cr\u00e9atifs \u00e9laborent une charte graphique contenant toutes les r\u00e8gles d\u2019utilisation des\u00a0<strong>\u00e9l\u00e9ments<\/strong>\u00a0<b>graphiques<\/b>\u00a0de votre entreprise et\u00a0<strong>leurs d\u00e9clinaisons<\/strong>\u00a0:<\/p><ul><li>Diff\u00e9rents formats de votre logotype (couleur, gris, 1 couleur\u2026)<\/li><li>Les usages de votre logo<\/li><li>Les couleurs qui vous repr\u00e9sentent<\/li><li>Les typographies \u00e0 utiliser<\/li><li>Les interdits<\/li><\/ul><p>En plus de votre charte graphique, nous fournissons\u00a0<strong>les fichiers num\u00e9riques Haute D\u00e9finition de votre logotype<\/strong>\u00a0pour les diff\u00e9rents usages possibles.<\/p>\t\t\t\t\t\t\t\t<\/div>\n\t\t\t\t<\/div>\n\t\t\t\t\t<\/div>\n\t\t<\/div>\n\t\t\t\t\t<\/div>\n\t\t<\/section>\n\t\t\t\t<\/div>\n\t\t","protected":false},"excerpt":{"rendered":"<p>Cr\u00e9ation de noms de marque et d&#8217;identit\u00e9 visuelle Des experts en strat\u00e9gie de communication et cr\u00e9ation graphique allient leurs comp\u00e9tences pour cr\u00e9er l\u2019identit\u00e9 de votre entreprise ou de votre marque. Cr\u00e9ation de noms de marque et d&#8217;identit\u00e9 visuelle Des experts en strat\u00e9gie de communication et cr\u00e9ation graphique allient leurs comp\u00e9tences pour cr\u00e9er l\u2019identit\u00e9 de votre [&hellip;]<\/p>\n","protected":false},"author":1,"featured_media":0,"parent":0,"menu_order":0,"comment_status":"closed","ping_status":"closed","template":"","meta":{"inline_featured_image":false,"footnotes":""},"class_list":["post-27486","page","type-page","status-publish","hentry"],"yoast_head":"<!-- This site is optimized with the Yoast SEO plugin v20.4 - https:\/\/yoast.com\/wordpress\/plugins\/seo\/ -->\n<title>Cr\u00e9ation de nom et d\u2019identit\u00e9 visuelle - D\u00e9clic Communication<\/title>\n<meta name=\"robots\" content=\"index, follow, max-snippet:-1, max-image-preview:large, max-video-preview:-1\" \/>\n<link rel=\"canonical\" href=\"https:\/\/www.declic-communication.fr\/en\/creation-de-nom-et-didentite-visuelle\/\" \/>\n<meta property=\"og:locale\" content=\"en_US\" \/>\n<meta property=\"og:type\" content=\"article\" \/>\n<meta property=\"og:title\" content=\"Cr\u00e9ation de nom et d\u2019identit\u00e9 visuelle - D\u00e9clic Communication\" \/>\n<meta property=\"og:description\" content=\"Cr\u00e9ation de noms de marque et d&#8217;identit\u00e9 visuelle Des experts en strat\u00e9gie de communication et cr\u00e9ation graphique allient leurs comp\u00e9tences pour cr\u00e9er l\u2019identit\u00e9 de votre entreprise ou de votre marque. Cr\u00e9ation de noms de marque et d&#8217;identit\u00e9 visuelle Des experts en strat\u00e9gie de communication et cr\u00e9ation graphique allient leurs comp\u00e9tences pour cr\u00e9er l\u2019identit\u00e9 de votre [&hellip;]\" \/>\n<meta property=\"og:url\" content=\"https:\/\/www.declic-communication.fr\/en\/creation-de-nom-et-didentite-visuelle\/\" \/>\n<meta property=\"og:site_name\" content=\"D\u00e9clic Communication\" \/>\n<meta property=\"article:modified_time\" content=\"2022-01-06T11:24:49+00:00\" \/>\n<meta property=\"og:image\" content=\"https:\/\/www.declic-communication.fr\/wp-content\/uploads\/2021\/12\/adapte-a-son-univers-300x300-1.png\" \/>\n<meta name=\"twitter:card\" content=\"summary_large_image\" \/>\n<meta name=\"twitter:label1\" content=\"Est. reading time\" \/>\n\t<meta name=\"twitter:data1\" content=\"5 minutes\" \/>\n<script type=\"application\/ld+json\" class=\"yoast-schema-graph\">{\"@context\":\"https:\/\/schema.org\",\"@graph\":[{\"@type\":\"WebPage\",\"@id\":\"https:\/\/www.declic-communication.fr\/en\/creation-de-nom-et-didentite-visuelle\/\",\"url\":\"https:\/\/www.declic-communication.fr\/en\/creation-de-nom-et-didentite-visuelle\/\",\"name\":\"Cr\u00e9ation de nom et d\u2019identit\u00e9 visuelle - D\u00e9clic Communication\",\"isPartOf\":{\"@id\":\"https:\/\/www.declic-communication.fr\/en\/#website\"},\"datePublished\":\"2021-09-28T12:58:00+00:00\",\"dateModified\":\"2022-01-06T11:24:49+00:00\",\"breadcrumb\":{\"@id\":\"https:\/\/www.declic-communication.fr\/en\/creation-de-nom-et-didentite-visuelle\/#breadcrumb\"},\"inLanguage\":\"en-US\",\"potentialAction\":[{\"@type\":\"ReadAction\",\"target\":[\"https:\/\/www.declic-communication.fr\/en\/creation-de-nom-et-didentite-visuelle\/\"]}]},{\"@type\":\"BreadcrumbList\",\"@id\":\"https:\/\/www.declic-communication.fr\/en\/creation-de-nom-et-didentite-visuelle\/#breadcrumb\",\"itemListElement\":[{\"@type\":\"ListItem\",\"position\":1,\"name\":\"Accueil\",\"item\":\"https:\/\/www.declic-communication.fr\/en\/?page_id=37043\"},{\"@type\":\"ListItem\",\"position\":2,\"name\":\"Cr\u00e9ation de nom et d\u2019identit\u00e9 visuelle\"}]},{\"@type\":\"WebSite\",\"@id\":\"https:\/\/www.declic-communication.fr\/en\/#website\",\"url\":\"https:\/\/www.declic-communication.fr\/en\/\",\"name\":\"D\u00e9clic Communication\",\"description\":\"Agence conseil en communication et publicit\u00e9 \u00e0 Saint-Avold en Moselle\",\"publisher\":{\"@id\":\"https:\/\/www.declic-communication.fr\/en\/#organization\"},\"potentialAction\":[{\"@type\":\"SearchAction\",\"target\":{\"@type\":\"EntryPoint\",\"urlTemplate\":\"https:\/\/www.declic-communication.fr\/en\/?s={search_term_string}\"},\"query-input\":\"required name=search_term_string\"}],\"inLanguage\":\"en-US\"},{\"@type\":\"Organization\",\"@id\":\"https:\/\/www.declic-communication.fr\/en\/#organization\",\"name\":\"D\u00e9clic Communication\",\"url\":\"https:\/\/www.declic-communication.fr\/en\/\",\"logo\":{\"@type\":\"ImageObject\",\"inLanguage\":\"en-US\",\"@id\":\"https:\/\/www.declic-communication.fr\/en\/#\/schema\/logo\/image\/\",\"url\":\"https:\/\/www.declic-communication.fr\/wp-content\/uploads\/2023\/10\/logo-declic-communication.svg\",\"contentUrl\":\"https:\/\/www.declic-communication.fr\/wp-content\/uploads\/2023\/10\/logo-declic-communication.svg\",\"width\":600,\"height\":250,\"caption\":\"D\u00e9clic Communication\"},\"image\":{\"@id\":\"https:\/\/www.declic-communication.fr\/en\/#\/schema\/logo\/image\/\"}}]}<\/script>\n<!-- \/ Yoast SEO plugin. -->","yoast_head_json":{"title":"Cr\u00e9ation de nom et d\u2019identit\u00e9 visuelle - D\u00e9clic Communication","robots":{"index":"index","follow":"follow","max-snippet":"max-snippet:-1","max-image-preview":"max-image-preview:large","max-video-preview":"max-video-preview:-1"},"canonical":"https:\/\/www.declic-communication.fr\/en\/creation-de-nom-et-didentite-visuelle\/","og_locale":"en_US","og_type":"article","og_title":"Cr\u00e9ation de nom et d\u2019identit\u00e9 visuelle - D\u00e9clic Communication","og_description":"Cr\u00e9ation de noms de marque et d&#8217;identit\u00e9 visuelle Des experts en strat\u00e9gie de communication et cr\u00e9ation graphique allient leurs comp\u00e9tences pour cr\u00e9er l\u2019identit\u00e9 de votre entreprise ou de votre marque. Cr\u00e9ation de noms de marque et d&#8217;identit\u00e9 visuelle Des experts en strat\u00e9gie de communication et cr\u00e9ation graphique allient leurs comp\u00e9tences pour cr\u00e9er l\u2019identit\u00e9 de votre [&hellip;]","og_url":"https:\/\/www.declic-communication.fr\/en\/creation-de-nom-et-didentite-visuelle\/","og_site_name":"D\u00e9clic Communication","article_modified_time":"2022-01-06T11:24:49+00:00","og_image":[{"url":"https:\/\/www.declic-communication.fr\/wp-content\/uploads\/2021\/12\/adapte-a-son-univers-300x300-1.png"}],"twitter_card":"summary_large_image","twitter_misc":{"Est. reading time":"5 minutes"},"schema":{"@context":"https:\/\/schema.org","@graph":[{"@type":"WebPage","@id":"https:\/\/www.declic-communication.fr\/en\/creation-de-nom-et-didentite-visuelle\/","url":"https:\/\/www.declic-communication.fr\/en\/creation-de-nom-et-didentite-visuelle\/","name":"Cr\u00e9ation de nom et d\u2019identit\u00e9 visuelle - D\u00e9clic Communication","isPartOf":{"@id":"https:\/\/www.declic-communication.fr\/en\/#website"},"datePublished":"2021-09-28T12:58:00+00:00","dateModified":"2022-01-06T11:24:49+00:00","breadcrumb":{"@id":"https:\/\/www.declic-communication.fr\/en\/creation-de-nom-et-didentite-visuelle\/#breadcrumb"},"inLanguage":"en-US","potentialAction":[{"@type":"ReadAction","target":["https:\/\/www.declic-communication.fr\/en\/creation-de-nom-et-didentite-visuelle\/"]}]},{"@type":"BreadcrumbList","@id":"https:\/\/www.declic-communication.fr\/en\/creation-de-nom-et-didentite-visuelle\/#breadcrumb","itemListElement":[{"@type":"ListItem","position":1,"name":"Accueil","item":"https:\/\/www.declic-communication.fr\/en\/?page_id=37043"},{"@type":"ListItem","position":2,"name":"Cr\u00e9ation de nom et d\u2019identit\u00e9 visuelle"}]},{"@type":"WebSite","@id":"https:\/\/www.declic-communication.fr\/en\/#website","url":"https:\/\/www.declic-communication.fr\/en\/","name":"D\u00e9clic Communication","description":"Agence conseil en communication et publicit\u00e9 \u00e0 Saint-Avold en Moselle","publisher":{"@id":"https:\/\/www.declic-communication.fr\/en\/#organization"},"potentialAction":[{"@type":"SearchAction","target":{"@type":"EntryPoint","urlTemplate":"https:\/\/www.declic-communication.fr\/en\/?s={search_term_string}"},"query-input":"required name=search_term_string"}],"inLanguage":"en-US"},{"@type":"Organization","@id":"https:\/\/www.declic-communication.fr\/en\/#organization","name":"D\u00e9clic Communication","url":"https:\/\/www.declic-communication.fr\/en\/","logo":{"@type":"ImageObject","inLanguage":"en-US","@id":"https:\/\/www.declic-communication.fr\/en\/#\/schema\/logo\/image\/","url":"https:\/\/www.declic-communication.fr\/wp-content\/uploads\/2023\/10\/logo-declic-communication.svg","contentUrl":"https:\/\/www.declic-communication.fr\/wp-content\/uploads\/2023\/10\/logo-declic-communication.svg","width":600,"height":250,"caption":"D\u00e9clic Communication"},"image":{"@id":"https:\/\/www.declic-communication.fr\/en\/#\/schema\/logo\/image\/"}}]}},"_links":{"self":[{"href":"https:\/\/www.declic-communication.fr\/en\/wp-json\/wp\/v2\/pages\/27486","targetHints":{"allow":["GET"]}}],"collection":[{"href":"https:\/\/www.declic-communication.fr\/en\/wp-json\/wp\/v2\/pages"}],"about":[{"href":"https:\/\/www.declic-communication.fr\/en\/wp-json\/wp\/v2\/types\/page"}],"author":[{"embeddable":true,"href":"https:\/\/www.declic-communication.fr\/en\/wp-json\/wp\/v2\/users\/1"}],"replies":[{"embeddable":true,"href":"https:\/\/www.declic-communication.fr\/en\/wp-json\/wp\/v2\/comments?post=27486"}],"version-history":[{"count":0,"href":"https:\/\/www.declic-communication.fr\/en\/wp-json\/wp\/v2\/pages\/27486\/revisions"}],"wp:attachment":[{"href":"https:\/\/www.declic-communication.fr\/en\/wp-json\/wp\/v2\/media?parent=27486"}],"curies":[{"name":"wp","href":"https:\/\/api.w.org\/{rel}","templated":true}]}}